{"id":291,"date":"2021-08-28T17:26:27","date_gmt":"2021-08-28T17:26:27","guid":{"rendered":"https:\/\/espacos.info\/wp\/francogalvao\/?page_id=291"},"modified":"2024-02-29T22:46:50","modified_gmt":"2024-02-29T22:46:50","slug":"producoes","status":"publish","type":"page","link":"https:\/\/francogalvao.com\/?page_id=291","title":{"rendered":"produ\u00e7\u00f5es"},"content":{"rendered":"<p>[et_pb_section fb_built=&#8221;1&#8243; _builder_version=&#8221;4.6.4&#8243; _module_preset=&#8221;default&#8221; background_color=&#8221;#ffffff&#8221; background_image=&#8221;http:\/\/francogalvao.com\/wp-content\/uploads\/2021\/06\/bg-branco.png&#8221; background_size=&#8221;initial&#8221; background_repeat=&#8221;repeat&#8221;][et_pb_row _builder_version=&#8221;4.6.4&#8243; _module_preset=&#8221;default&#8221; custom_margin=&#8221;0px||0px||false|false&#8221; custom_padding=&#8221;0px||0px|||&#8221;][et_pb_column type=&#8221;4_4&#8243; _builder_version=&#8221;4.6.4&#8243; _module_preset=&#8221;default&#8221;][et_pb_text _builder_version=&#8221;4.6.4&#8243; _module_preset=&#8221;default&#8221; text_font=&#8221;||||||||&#8221; text_text_color=&#8221;#222222&#8243; link_text_color=&#8221;#b27100&#8243; header_font=&#8221;Merriweather||||||||&#8221; header_text_color=&#8221;#000000&#8243; header_font_size=&#8221;4em&#8221; header_2_font=&#8221;Merriweather||||||||&#8221; header_3_font=&#8221;Merriweather||||||||&#8221; header_3_line_height=&#8221;1.75em&#8221; min_height=&#8221;31px&#8221; custom_margin=&#8221;0px|0px|0px|0px|false|false&#8221; custom_padding=&#8221;0px|0px|18px|0px|false|false&#8221; hover_enabled=&#8221;0&#8243; sticky_enabled=&#8221;0&#8243;]<\/p>\n<h2 id=\"espera\"><strong>produ\u00e7\u00f5es<\/strong><\/h2>\n<p>[\/et_pb_text][\/et_pb_column][\/et_pb_row][et_pb_row column_structure=&#8221;3_5,2_5&#8243; _builder_version=&#8221;4.6.4&#8243; _module_preset=&#8221;default&#8221; custom_margin=&#8221;||0px||false|false&#8221; custom_padding=&#8221;||0px|||&#8221;][et_pb_column type=&#8221;3_5&#8243; _builder_version=&#8221;4.6.4&#8243; _module_preset=&#8221;default&#8221;][et_pb_text _builder_version=&#8221;4.6.4&#8243; _module_preset=&#8221;default&#8221; text_font=&#8221;||||||||&#8221; text_text_color=&#8221;#222222&#8243; link_text_color=&#8221;#b27100&#8243; header_font=&#8221;Merriweather||||||||&#8221; header_text_color=&#8221;#000000&#8243; header_font_size=&#8221;4em&#8221; header_2_font=&#8221;Merriweather||||||||&#8221; header_3_font=&#8221;Merriweather||||||||&#8221; header_3_line_height=&#8221;1.75em&#8221; width=&#8221;100%&#8221; custom_margin=&#8221;||||false|false&#8221; custom_padding=&#8221;||||false|false&#8221;]<\/p>\n<h2 id=\"espera\">vadico em viol\u00e3o e voz<\/h2>\n<p><span style=\"font-weight: 400;\"><\/span><\/p>\n<p><span>\u00c9 um espet\u00e1culo criado por Franco Galv\u00e3o e N\u00e1 Ozzetti em homenagem ao compositor paulistano Vadico.<\/span><\/p>\n<p>No formato viol\u00e3o e voz, o repert\u00f3rio conta com can\u00e7\u00f5es que Vadico comp\u00f4s em parceria com Noel Rosa, como <em>Conversa de Botequim, Feiti\u00e7o da Vila, Feitio de Ora\u00e7\u00e3o, Cem Mil R\u00e9is, Pra que Mentir?, Mais um Samba Popular;\u00a0<\/em>e com outros parceiros, como Vin\u00edcius de Moraes, Marino Pinto e Alo\u00edsio de Oliveira.<span><\/span><\/p>\n<p><span style=\"font-size: 14px;\"><\/span><\/p>\n<p>[\/et_pb_text][\/et_pb_column][et_pb_column type=&#8221;2_5&#8243; _builder_version=&#8221;4.6.4&#8243; _module_preset=&#8221;default&#8221; custom_padding=&#8221;||36px||false|false&#8221;][et_pb_image src=&#8221;http:\/\/francogalvao.com\/wp-content\/uploads\/2024\/02\/Na-Ozzetti-e-Franco-Galvao-Casa-de-Francisca-24-de-junho-2023.jpg&#8221; title_text=&#8221;N\u00e1 Ozzetti e Franco Galv\u00e3o Casa de Francisca 24 de junho 2023&#8243; show_bottom_space=&#8221;off&#8221; _builder_version=&#8221;4.6.4&#8243; _module_preset=&#8221;default&#8221;][\/et_pb_image][\/et_pb_column][\/et_pb_row][et_pb_row column_structure=&#8221;3_5,2_5&#8243; _builder_version=&#8221;4.6.4&#8243; _module_preset=&#8221;default&#8221;][et_pb_column type=&#8221;3_5&#8243; _builder_version=&#8221;4.6.4&#8243; _module_preset=&#8221;default&#8221;][et_pb_text _builder_version=&#8221;4.6.4&#8243; _module_preset=&#8221;default&#8221; text_font=&#8221;||||||||&#8221; text_text_color=&#8221;#222222&#8243; link_text_color=&#8221;#b27100&#8243; header_font=&#8221;Merriweather||||||||&#8221; header_text_color=&#8221;#000000&#8243; header_font_size=&#8221;4em&#8221; header_2_font=&#8221;Merriweather||||||||&#8221; header_3_font=&#8221;Merriweather||||||||&#8221; header_3_line_height=&#8221;1.75em&#8221; custom_margin=&#8221;||||false|false&#8221; custom_padding=&#8221;||||false|false&#8221;]<\/p>\n<h2 id=\"espera\">kehinde<\/h2>\n<p><span style=\"font-weight: 400;\"><\/span><\/p>\n<p><span>\u00c9 uma composi\u00e7\u00e3o que Franco Galv\u00e3o fez depois de ler &#8220;Um Defeito de Cor&#8221;, de Ana Maria Goncalves. <\/span><\/p>\n<p><span style=\"font-size: 14px;\">A composi\u00e7\u00e3o mescla os ritmos Aguer\u00ea, toque para Ox\u00f3ssi, e o Maculel\u00ea, ritmo utilizado em contextos b\u00e9licos.<\/span><\/p>\n<p><span style=\"font-size: 14px;\">A pe\u00e7a foi tocada por um ensemble da Banda Sinf\u00f4nica Jovem do Estado de S\u00e3o Paulo, no Teatro S\u00e3o Pedro, no dia dois de setembro de 2023. <\/span><\/p>\n<p><span style=\"font-size: 14px;\">O concerto foi promovido pela Emesp Tom Jobim, a partir da ideia de fazer um programa que une a turma de composi\u00e7\u00e3o com os m\u00fasicos da banda.<\/span><\/p>\n<p>[\/et_pb_text][\/et_pb_column][et_pb_column type=&#8221;2_5&#8243; _builder_version=&#8221;4.6.4&#8243; _module_preset=&#8221;default&#8221;][et_pb_video src=&#8221;https:\/\/youtu.be\/Hf2Ft8RT7Qs&#8221; _builder_version=&#8221;4.6.4&#8243; _module_preset=&#8221;default&#8221;][\/et_pb_video][\/et_pb_column][\/et_pb_row][et_pb_row column_structure=&#8221;3_5,2_5&#8243; _builder_version=&#8221;4.6.4&#8243; _module_preset=&#8221;default&#8221;][et_pb_column type=&#8221;3_5&#8243; _builder_version=&#8221;4.6.4&#8243; _module_preset=&#8221;default&#8221;][et_pb_text _builder_version=&#8221;4.6.4&#8243; _module_preset=&#8221;default&#8221; text_font=&#8221;||||||||&#8221; text_text_color=&#8221;#222222&#8243; link_text_color=&#8221;#b27100&#8243; header_font=&#8221;Merriweather||||||||&#8221; header_text_color=&#8221;#000000&#8243; header_font_size=&#8221;4em&#8221; header_2_font=&#8221;Merriweather||||||||&#8221; header_3_font=&#8221;Merriweather||||||||&#8221; header_3_line_height=&#8221;1.75em&#8221; custom_margin=&#8221;||||false|false&#8221; custom_padding=&#8221;||||false|false&#8221;]<\/p>\n<h2 id=\"espera\">viol\u00e3o de 7 e quarteto de cordas<\/h2>\n<p><span style=\"font-weight: 400;\"><\/span><\/p>\n<p><span style=\"font-weight: 400;\">Em 2022 e 2023, Franco Galv\u00e3o foi convidado pela Southern Illlinois University para participar das atividades da Escola de M\u00fasica e do SIU Guitar Fesival como m\u00fasico visitante.<\/span><\/p>\n<p>Uma das atividades realizadas foi um concerto junto do SIU Chamber Music Society Versatile Ensemble String Quartet, para o qual Franco Galv\u00e3o preparou os arranjos.<\/p>\n<p>[\/et_pb_text][\/et_pb_column][et_pb_column type=&#8221;2_5&#8243; _builder_version=&#8221;4.6.4&#8243; _module_preset=&#8221;default&#8221;][et_pb_video src=&#8221;https:\/\/youtu.be\/V3QvrrmqIao&#8221; _builder_version=&#8221;4.6.4&#8243; _module_preset=&#8221;default&#8221;][\/et_pb_video][\/et_pb_column][\/et_pb_row][et_pb_row column_structure=&#8221;3_5,2_5&#8243; _builder_version=&#8221;4.6.4&#8243; _module_preset=&#8221;default&#8221;][et_pb_column type=&#8221;3_5&#8243; _builder_version=&#8221;4.6.4&#8243; _module_preset=&#8221;default&#8221;][et_pb_text _builder_version=&#8221;4.6.4&#8243; _module_preset=&#8221;default&#8221; text_font=&#8221;||||||||&#8221; text_text_color=&#8221;#222222&#8243; link_text_color=&#8221;#b27100&#8243; header_font=&#8221;Merriweather||||||||&#8221; header_text_color=&#8221;#000000&#8243; header_font_size=&#8221;4em&#8221; header_2_font=&#8221;Merriweather||||||||&#8221; header_3_font=&#8221;Merriweather||||||||&#8221; header_3_line_height=&#8221;1.75em&#8221; custom_margin=&#8221;||||false|false&#8221; custom_padding=&#8221;||||false|false&#8221;]<\/p>\n<h2 id=\"espera\">ningu\u00e9m sabe como<\/h2>\n<p><span style=\"font-weight: 400;\"><\/span><\/p>\n<p><span style=\"font-weight: 400;\">Em 2022, a Banda Sinf\u00f4nica Jovem do Estado de S\u00e3o Paulo interpretou a composi\u00e7\u00e3o \u201cNingu\u00e9m Sabe Como\u201d, um composi\u00e7\u00e3o de Franco Galv\u00e3o em parceria com Cristov\u00e3o Bastos.<\/span><\/p>\n<p><span style=\"font-weight: 400;\"><span>O concerto aconteceu no Teatro S\u00e3o Pedro, em S\u00e3o Paulo, no dia 17 de setembro de 2022.\u00a0<\/span><\/span><span style=\"font-size: 14px;\">A reg\u00eancia \u00e9 de Leonardo Labrada.<\/span><\/p>\n<p>[\/et_pb_text][\/et_pb_column][et_pb_column type=&#8221;2_5&#8243; _builder_version=&#8221;4.6.4&#8243; _module_preset=&#8221;default&#8221;][et_pb_video src=&#8221;https:\/\/youtu.be\/KIi359uSp4Y&#8221; _builder_version=&#8221;4.6.4&#8243; _module_preset=&#8221;default&#8221;][\/et_pb_video][\/et_pb_column][\/et_pb_row][et_pb_row column_structure=&#8221;3_5,2_5&#8243; _builder_version=&#8221;4.6.4&#8243; _module_preset=&#8221;default&#8221;][et_pb_column type=&#8221;3_5&#8243; _builder_version=&#8221;4.6.4&#8243; _module_preset=&#8221;default&#8221;][et_pb_text _builder_version=&#8221;4.6.4&#8243; _module_preset=&#8221;default&#8221; text_font=&#8221;||||||||&#8221; text_text_color=&#8221;#222222&#8243; link_text_color=&#8221;#b27100&#8243; header_font=&#8221;Merriweather||||||||&#8221; header_text_color=&#8221;#000000&#8243; header_font_size=&#8221;4em&#8221; header_2_font=&#8221;Merriweather||||||||&#8221; header_3_font=&#8221;Merriweather||||||||&#8221; header_3_line_height=&#8221;1.75em&#8221; custom_margin=&#8221;||||false|false&#8221; custom_padding=&#8221;||||false|false&#8221;]<\/p>\n<h2 id=\"solidao\">um ano de solid\u00e3o<\/h2>\n<p><span style=\"font-weight: 400;\"><\/span><\/p>\n<p><span style=\"font-weight: 400;\">\u201cUm Ano de Solid\u00e3o\u201d \u00e9 um concerto de viol\u00e3o solo concebido durante o per\u00edodo mais severo da Pandemia de Covid-19, em que Franco Galv\u00e3o ficou completamente isolado.<\/span><\/p>\n<p><span style=\"font-weight: 400;\">Dessa experi\u00eancia, nasceu um espet\u00e1culo musical sutil, marcado pela entrega e pelo desafio.<\/span><\/p>\n<p><span style=\"font-weight: 400;\">Contemplado pelo ProAC Editais Expresso Lei Aldir Blanc 2021, da Secretaria do Governo do Estado de S\u00e3o Paulo, o projeto realizou apresenta\u00e7\u00f5es em formato LIVE pelas redes sociais de diferentes espa\u00e7os culturais.<\/span><\/p>\n<p>Em 2022 e 2023, Franco Galv\u00e3o realizou turn\u00ea deste espet\u00e1culo pelos Estados Unidos. No video, assista o concerto<span>\u00a0no Carbondale Unitarian Fellowship, no dia 12 de novembro de 2023, em Carbondale, Illinois.<\/span>\u00a0<\/p>\n<p>[\/et_pb_text][\/et_pb_column][et_pb_column type=&#8221;2_5&#8243; _builder_version=&#8221;4.6.4&#8243; _module_preset=&#8221;default&#8221;][et_pb_video src=&#8221;https:\/\/youtu.be\/Al5OoeQ5xN8&#8243; _builder_version=&#8221;4.6.4&#8243; _module_preset=&#8221;default&#8221; src_webm__hover_enabled=&#8221;on|desktop&#8221;][\/et_pb_video][\/et_pb_column][\/et_pb_row][et_pb_row column_structure=&#8221;3_5,2_5&#8243; _builder_version=&#8221;4.6.4&#8243; _module_preset=&#8221;default&#8221;][et_pb_column type=&#8221;3_5&#8243; _builder_version=&#8221;4.6.4&#8243; _module_preset=&#8221;default&#8221;][et_pb_text _builder_version=&#8221;4.6.4&#8243; _module_preset=&#8221;default&#8221; text_font=&#8221;||||||||&#8221; text_text_color=&#8221;#222222&#8243; link_text_color=&#8221;#b27100&#8243; header_font=&#8221;Merriweather||||||||&#8221; header_text_color=&#8221;#000000&#8243; header_font_size=&#8221;4em&#8221; header_2_font=&#8221;Merriweather||||||||&#8221; header_3_font=&#8221;Merriweather||||||||&#8221; header_3_line_height=&#8221;1.75em&#8221; width=&#8221;100%&#8221; custom_margin=&#8221;||||false|false&#8221; custom_padding=&#8221;||||false|false&#8221;]<\/p>\n<h2 id=\"espera\"><span style=\"font-weight: 400;\">violeta<\/span><\/h2>\n<p><span style=\"font-weight: 400;\"><\/span><\/p>\n<p><span style=\"font-weight: 400;\">Em 2021, a Banda Sinf\u00f4nica Jovem do Estado de S\u00e3o Paulo interpretou a composi\u00e7\u00e3o \u201cVioleta\u201d, de Franco Galv\u00e3o.\u00a0<\/span><\/p>\n<p><span style=\"font-weight: 400;\">O concerto foi realizado dia 20 de novembro, Dia da Consci\u00eancia Negra. Em rever\u00eancia, a m\u00fasica foi composta fazendo uma mistura de Maxixe com Ijex\u00e1, dois ritmos muito caracter\u00edsticos das heran\u00e7as culturais de matriz africana da m\u00fasica brasileira.<\/span><\/p>\n<p><span style=\"font-weight: 400;\">A composi\u00e7\u00e3o celebra a chegada da pequena Violeta, que tinha acabado de nascer!<\/span><\/p>\n<p>[\/et_pb_text][\/et_pb_column][et_pb_column type=&#8221;2_5&#8243; _builder_version=&#8221;4.6.4&#8243; _module_preset=&#8221;default&#8221;][et_pb_video src=&#8221;https:\/\/www.youtube.com\/watch?v=C22Eb9PQqK0&#8243; _builder_version=&#8221;4.6.4&#8243; _module_preset=&#8221;default&#8221;][\/et_pb_video][\/et_pb_column][\/et_pb_row][et_pb_row column_structure=&#8221;3_5,2_5&#8243; _builder_version=&#8221;4.6.4&#8243; _module_preset=&#8221;default&#8221;][et_pb_column type=&#8221;3_5&#8243; _builder_version=&#8221;4.6.4&#8243; _module_preset=&#8221;default&#8221;][et_pb_text _builder_version=&#8221;4.6.4&#8243; _module_preset=&#8221;default&#8221; text_font=&#8221;||||||||&#8221; text_text_color=&#8221;#222222&#8243; link_text_color=&#8221;#b27100&#8243; header_font=&#8221;Merriweather||||||||&#8221; header_text_color=&#8221;#000000&#8243; header_font_size=&#8221;4em&#8221; header_2_font=&#8221;Merriweather||||||||&#8221; header_3_font=&#8221;Merriweather||||||||&#8221; header_3_line_height=&#8221;1.75em&#8221; custom_margin=&#8221;||||false|false&#8221; custom_padding=&#8221;||||false|false&#8221;]<\/p>\n<h2 id=\"espera\">espera<\/h2>\n<p><span style=\"font-weight: 400;\"><\/span><\/p>\n<p><span style=\"font-weight: 400;\">Em 2019, Franco Galv\u00e3o e Fernando Sagawa receberam um pr\u00eamio para realizar uma resid\u00eancia art\u00edstica no Rainbow Studio, localizado em Oslo, Noruega.<\/span><\/p>\n<p><span style=\"font-weight: 400;\">Rainbow Studio \u00e9 um dos principais est\u00fadios do selo de jazz ECM Records, cujas caracter\u00edsticas sonoras s\u00e3o marcadas pela vastid\u00e3o espacial, profundidade e introspec\u00e7\u00e3o.<\/span><\/p>\n<p><span style=\"font-weight: 400;\">Da resid\u00eancia, os m\u00fasicos trouxeram um \u00e1lbum tocado em dueto &#8211; viol\u00e3o e saxofone -, com repert\u00f3rio formado por m\u00fasicas autorais e n\u00e3o autorais, tradicionais e contempor\u00e2neas.\u00a0<\/span><\/p>\n<p><span style=\"font-weight: 400;\">O \u00e1lbum recebeu o nome \u201cEspera\u201d e est\u00e1 para ser lan\u00e7ado. <a href=\"https:\/\/www.patreon.com\/francog\">Apoie Franco Galv\u00e3o<\/a><\/span><span style=\"font-weight: 400;\">\u00a0e j\u00e1 receba as m\u00fasicas para ouvir!<\/span><\/p>\n<p><span style=\"font-weight: 400;\">Enquanto isso, escute a faixa <\/span><i><span style=\"font-weight: 400;\">\u00c0 Primeira Vista<\/span><\/i><span style=\"font-weight: 400;\">, de Chico C\u00e9sar, na vers\u00e3o instrumental.<\/span><\/p>\n<p>[\/et_pb_text][\/et_pb_column][et_pb_column type=&#8221;2_5&#8243; _builder_version=&#8221;4.6.4&#8243; _module_preset=&#8221;default&#8221;][et_pb_text _builder_version=&#8221;4.6.4&#8243; _module_preset=&#8221;default&#8221; custom_padding=&#8221;||||false|false&#8221;]<\/p>\n<p><iframe loading=\"lazy\" title=\"\u00c0 Primeira Vista (Chico C\u00e9sar) | Duo Sagawa Galv\u00e3o by Franco Galv\u00e3o\" width=\"1080\" height=\"400\" scrolling=\"no\" frameborder=\"no\" src=\"https:\/\/w.soundcloud.com\/player\/?visual=true&#038;url=https%3A%2F%2Fapi.soundcloud.com%2Ftracks%2F875116927&#038;show_artwork=true&#038;maxheight=1000&#038;maxwidth=1080&#038;secret_token=s-aqrH1274Onf\"><\/iframe><\/p>\n<p>&nbsp;<\/p>\n<p>[\/et_pb_text][\/et_pb_column][\/et_pb_row][et_pb_row column_structure=&#8221;3_5,2_5&#8243; _builder_version=&#8221;4.6.4&#8243; _module_preset=&#8221;default&#8221;][et_pb_column type=&#8221;3_5&#8243; _builder_version=&#8221;4.6.4&#8243; _module_preset=&#8221;default&#8221;][et_pb_text _builder_version=&#8221;4.6.4&#8243; _module_preset=&#8221;default&#8221; text_font=&#8221;||||||||&#8221; text_text_color=&#8221;#222222&#8243; link_text_color=&#8221;#b27100&#8243; header_font=&#8221;Merriweather||||||||&#8221; header_text_color=&#8221;#000000&#8243; header_font_size=&#8221;4em&#8221; header_2_font=&#8221;Merriweather||||||||&#8221; header_3_font=&#8221;Merriweather||||||||&#8221; header_3_line_height=&#8221;1.75em&#8221; custom_margin=&#8221;||||false|false&#8221; custom_padding=&#8221;||||false|false&#8221;]<\/p>\n<h2 id=\"dominguinhos\">dominguinhos canta em tr\u00eas<\/h2>\n<p><span style=\"font-weight: 400;\">\u201cDominguinhos canta em Tr\u00eas\u201d \u00e9 um espet\u00e1culo musical criado por N\u00e1 Ozzetti, Fernando Sagawa e Franco Galv\u00e3o, no qual s\u00e3o interpretadas can\u00e7\u00f5es de Dominguinhos.<\/span><\/p>\n<p><span style=\"font-weight: 400;\">Com arranjos elaborados pelo Duo, o espet\u00e1culo \u00e9 um chamado terno mas pungente, ocasionando um momento sincero entre p\u00fablico, obra e artistas.<\/span><\/p>\n<p><span style=\"font-weight: 400;\">Assista a can\u00e7\u00e3o <\/span><i><span style=\"font-weight: 400;\">Sopro de Flor, <\/span><\/i><span style=\"font-weight: 400;\">uma parceria inusitada entre Dominguinhos e Z\u00e9 Miguel Wisnik<\/span><span style=\"font-weight: 400;\">.<\/span><\/p>\n<p>[\/et_pb_text][\/et_pb_column][et_pb_column type=&#8221;2_5&#8243; _builder_version=&#8221;4.6.4&#8243; _module_preset=&#8221;default&#8221;][et_pb_video src=&#8221;https:\/\/youtu.be\/ZYovGPdsFs8&#8243; _builder_version=&#8221;4.6.4&#8243; _module_preset=&#8221;default&#8221;][\/et_pb_video][\/et_pb_column][\/et_pb_row][et_pb_row column_structure=&#8221;3_5,2_5&#8243; _builder_version=&#8221;4.6.4&#8243; _module_preset=&#8221;default&#8221;][et_pb_column type=&#8221;3_5&#8243; _builder_version=&#8221;4.6.4&#8243; _module_preset=&#8221;default&#8221;][et_pb_text _builder_version=&#8221;4.6.4&#8243; _module_preset=&#8221;default&#8221; text_font=&#8221;||||||||&#8221; text_text_color=&#8221;#222222&#8243; link_text_color=&#8221;#b27100&#8243; header_font=&#8221;Merriweather||||||||&#8221; header_text_color=&#8221;#000000&#8243; header_font_size=&#8221;4em&#8221; header_2_font=&#8221;Merriweather||||||||&#8221; header_3_font=&#8221;Merriweather||||||||&#8221; header_3_line_height=&#8221;1.75em&#8221; custom_margin=&#8221;||||false|false&#8221; custom_padding=&#8221;||||false|false&#8221;]<\/p>\n<h2 id=\"guerrapeixe\">choros de guerra-peixe<\/h2>\n<p><span style=\"font-weight: 400\">Em celebra\u00e7\u00e3o ao centen\u00e1rio de C\u00e9sar Guerra-Peixe, em 2014, Franco Galv\u00e3o idealizou um trabalho de regrava\u00e7\u00e3o de um conjunto de choros compostos pelo maestro.<\/span><\/p>\n<p><span style=\"font-weight: 400\">Ap\u00f3s meses de pesquisa, o recolhimento das partituras originais no Acervo Jane Guerra-Peixe desvendou um repert\u00f3rio muito interessante e pouqu\u00edssimo conhecido.<\/span><\/p>\n<p><span style=\"font-weight: 400\">O disco foi lan\u00e7ado em 2016 e apresenta 11 m\u00fasicas. O trabalho contou com os queridos Jayme Vignoli e Nailor Proveta para os arranjos e dire\u00e7\u00e3o musical.<\/span><\/p>\n<p><span style=\"font-weight: 400\">Juntamente com o CD, o projeto confeccionou um caderno de partituras, que foi enviado para diversas institui\u00e7\u00f5es de pesquisa e ensino de m\u00fasica.<\/span><\/p>\n<p><span style=\"font-weight: 400\">Assista ao show realizado no Espa\u00e7o CPFL, em Campinas.<\/span>[\/et_pb_text][\/et_pb_column][et_pb_column type=&#8221;2_5&#8243; _builder_version=&#8221;4.6.4&#8243; _module_preset=&#8221;default&#8221;][et_pb_video src=&#8221;https:\/\/youtu.be\/ON4e0GmIZww&#8221; _builder_version=&#8221;4.6.4&#8243; _module_preset=&#8221;default&#8221;][\/et_pb_video][\/et_pb_column][\/et_pb_row][et_pb_row column_structure=&#8221;3_5,2_5&#8243; _builder_version=&#8221;4.6.4&#8243; _module_preset=&#8221;default&#8221;][et_pb_column type=&#8221;3_5&#8243; _builder_version=&#8221;4.6.4&#8243; _module_preset=&#8221;default&#8221;][et_pb_text _builder_version=&#8221;4.6.4&#8243; _module_preset=&#8221;default&#8221; text_font=&#8221;||||||||&#8221; text_text_color=&#8221;#222222&#8243; link_text_color=&#8221;#b27100&#8243; header_font=&#8221;Merriweather||||||||&#8221; header_text_color=&#8221;#000000&#8243; header_font_size=&#8221;4em&#8221; header_2_font=&#8221;Merriweather||||||||&#8221; header_3_font=&#8221;Merriweather||||||||&#8221; header_3_line_height=&#8221;1.75em&#8221; custom_margin=&#8221;||||false|false&#8221; custom_padding=&#8221;||||false|false&#8221;]<\/p>\n<h2 id=\"raia\">deixa raiar<\/h2>\n<p><span style=\"font-weight: 400\">Em 2020, Franco Galv\u00e3o e Fernando Sagawa produziram o disco \u201cDeixa Raiar\u201d, da cantora tocantinense Gabriela Raia.\u00a0<\/span><\/p>\n<p><span style=\"font-weight: 400\">Al\u00e9m de escrever os arranjos para as can\u00e7\u00f5es da cantora, os m\u00fasicos gravaram diversos instrumentos, acompanharam as sess\u00f5es de grava\u00e7\u00f5es, produziram os efeitos eletr\u00f4nicos e decidiram sobre o resultado final da mixagem e masteriza\u00e7\u00e3o das faixas.<\/span><\/p>\n<p><span style=\"font-weight: 400\">O trabalho foi concebido para combinar diversos elementos da m\u00fasica brasileira, sempre focado no ritmo e na poesia.<\/span><\/p>\n<p><span style=\"font-weight: 400\">As m\u00fasicas est\u00e3o sendo lan\u00e7adas aos poucos. <a href=\"https:\/\/open.spotify.com\/artist\/5JMuf69ixiH0cKhrrsKUpb?si=NSjqncWrQ0mnTyQ6kXSzLg&amp;dl_branch=1\">Escute o trabalho de Gabriela Raia no Spotify<\/a>.<\/span>[\/et_pb_text][\/et_pb_column][et_pb_column type=&#8221;2_5&#8243; _builder_version=&#8221;4.6.4&#8243; _module_preset=&#8221;default&#8221;][et_pb_video src=&#8221;https:\/\/www.youtube.com\/watch?v=TXVnwP2FzTE&#8221; _builder_version=&#8221;4.6.4&#8243; _module_preset=&#8221;default&#8221;][\/et_pb_video][\/et_pb_column][\/et_pb_row][\/et_pb_section]<\/p>\n","protected":false},"excerpt":{"rendered":"<p>[et_pb_section fb_built=&#8221;1&#8243; _builder_version=&#8221;4.6.4&#8243; _module_preset=&#8221;default&#8221; background_color=&#8221;#ffffff&#8221; background_image=&#8221;http:\/\/francogalvao.com\/wp-content\/uploads\/2021\/06\/bg-branco.png&#8221; background_size=&#8221;initial&#8221; background_repeat=&#8221;repeat&#8221;][et_pb_row _builder_version=&#8221;4.6.4&#8243; _module_preset=&#8221;default&#8221; custom_margin=&#8221;0px||0px||false|false&#8221; custom_padding=&#8221;0px||0px|||&#8221;][et_pb_column type=&#8221;4_4&#8243; _builder_version=&#8221;4.6.4&#8243; _module_preset=&#8221;default&#8221;][et_pb_text _builder_version=&#8221;4.6.4&#8243; _module_preset=&#8221;default&#8221; text_font=&#8221;||||||||&#8221; text_text_color=&#8221;#222222&#8243; link_text_color=&#8221;#b27100&#8243; header_font=&#8221;Merriweather||||||||&#8221; header_text_color=&#8221;#000000&#8243; header_font_size=&#8221;4em&#8221; header_2_font=&#8221;Merriweather||||||||&#8221; header_3_font=&#8221;Merriweather||||||||&#8221; header_3_line_height=&#8221;1.75em&#8221; min_height=&#8221;31px&#8221; custom_margin=&#8221;0px|0px|0px|0px|false|false&#8221; custom_padding=&#8221;0px|0px|18px|0px|false|false&#8221; hover_enabled=&#8221;0&#8243; sticky_enabled=&#8221;0&#8243;] produ\u00e7\u00f5es [\/et_pb_text][\/et_pb_column][\/et_pb_row][et_pb_row column_structure=&#8221;3_5,2_5&#8243; _builder_version=&#8221;4.6.4&#8243; _module_preset=&#8221;default&#8221; custom_margin=&#8221;||0px||false|false&#8221; custom_padding=&#8221;||0px|||&#8221;][et_pb_column type=&#8221;3_5&#8243; _builder_version=&#8221;4.6.4&#8243; _module_preset=&#8221;default&#8221;][et_pb_text _builder_version=&#8221;4.6.4&#8243; _module_preset=&#8221;default&#8221; text_font=&#8221;||||||||&#8221; text_text_color=&#8221;#222222&#8243; link_text_color=&#8221;#b27100&#8243; header_font=&#8221;Merriweather||||||||&#8221; header_text_color=&#8221;#000000&#8243; header_font_size=&#8221;4em&#8221; header_2_font=&#8221;Merriweather||||||||&#8221; header_3_font=&#8221;Merriweather||||||||&#8221; header_3_line_height=&#8221;1.75em&#8221; width=&#8221;100%&#8221; custom_margin=&#8221;||||false|false&#8221; custom_padding=&#8221;||||false|false&#8221;] [&hellip;]<\/p>\n","protected":false},"author":1,"featured_media":0,"parent":0,"menu_order":0,"comment_status":"closed","ping_status":"closed","template":"","meta":{"_et_pb_use_builder":"on","_et_pb_old_content":"","_et_gb_content_width":"","om_disable_all_campaigns":false,"_monsterinsights_skip_tracking":false,"_monsterinsights_sitenote_active":false,"_monsterinsights_sitenote_note":"","_monsterinsights_sitenote_category":0,"footnotes":""},"aioseo_notices":[],"_links":{"self":[{"href":"https:\/\/francogalvao.com\/index.php?rest_route=\/wp\/v2\/pages\/291"}],"collection":[{"href":"https:\/\/francogalvao.com\/index.php?rest_route=\/wp\/v2\/pages"}],"about":[{"href":"https:\/\/francogalvao.com\/index.php?rest_route=\/wp\/v2\/types\/page"}],"author":[{"embeddable":true,"href":"https:\/\/francogalvao.com\/index.php?rest_route=\/wp\/v2\/users\/1"}],"replies":[{"embeddable":true,"href":"https:\/\/francogalvao.com\/index.php?rest_route=%2Fwp%2Fv2%2Fcomments&post=291"}],"version-history":[{"count":34,"href":"https:\/\/francogalvao.com\/index.php?rest_route=\/wp\/v2\/pages\/291\/revisions"}],"predecessor-version":[{"id":707,"href":"https:\/\/francogalvao.com\/index.php?rest_route=\/wp\/v2\/pages\/291\/revisions\/707"}],"wp:attachment":[{"href":"https:\/\/francogalvao.com\/index.php?rest_route=%2Fwp%2Fv2%2Fmedia&parent=291"}],"curies":[{"name":"wp","href":"https:\/\/api.w.org\/{rel}","templated":true}]}}